{"id":4698,"date":"2026-09-02T14:53:22","date_gmt":"2026-09-02T14:53:22","guid":{"rendered":"https:\/\/www.campinginnerduyn.nl\/?page_id=4698"},"modified":"2026-09-02T15:24:32","modified_gmt":"2026-09-02T15:24:32","slug":"aufenthaltsraum-mieten","status":"publish","type":"page","link":"https:\/\/www.campinginnerduyn.nl\/de\/aufenthaltsraum-mieten\/","title":{"rendered":"Aufenthaltsraum mieten"},"content":{"rendered":"\t\t<div data-elementor-type=\"wp-page\" data-elementor-id=\"4698\" class=\"elementor elementor-4698\" data-elementor-post-type=\"page\">\n\t\t\t\t\t\t<section class=\"elementor-section elementor-top-section elementor-element elementor-element-1b830f5 elementor-section-boxed elementor-section-height-default elementor-section-height-default\" data-id=\"1b830f5\" data-element_type=\"section\" data-e-type=\"section\">\n\t\t\t\t\t\t<div class=\"elementor-container elementor-column-gap-no\">\n\t\t\t\t\t<div class=\"elementor-column elementor-col-100 elementor-top-column elementor-element elementor-element-6518a01\" data-id=\"6518a01\" data-element_type=\"column\" data-e-type=\"column\">\n\t\t\t<div class=\"elementor-widget-wrap elementor-element-populated\">\n\t\t\t\t\t\t<div class=\"elementor-element elementor-element-168fa57 elementor-widget elementor-widget-heading\" data-id=\"168fa57\" data-element_type=\"widget\" data-e-type=\"widget\" data-widget_type=\"heading.default\">\n\t\t\t\t<div class=\"elementor-widget-container\">\n\t\t\t\t\t<h2 class=\"elementor-heading-title elementor-size-default\">Aufenthaltsraum mieten<\/h2>\t\t\t\t<\/div>\n\t\t\t\t<\/div>\n\t\t\t\t<div class=\"elementor-element elementor-element-80fa8ab elementor-widget elementor-widget-text-editor\" data-id=\"80fa8ab\" data-element_type=\"widget\" data-e-type=\"widget\" data-widget_type=\"text-editor.default\">\n\t\t\t\t<div class=\"elementor-widget-container\">\n\t\t\t\t\t\t\t\t\t<p>Suchen Sie einen ruhigen und gem\u00fctlichen Raum f\u00fcr eine Besprechung, einen Teamausflug oder eine kleine Veranstaltung?\u00a0Nach Absprache k\u00f6nnen Sie unseren Aufenthaltsraum mieten.<\/p>\t\t\t\t\t\t\t\t<\/div>\n\t\t\t\t<\/div>\n\t\t\t\t<div class=\"elementor-element elementor-element-aa13ce2 elementor-widget elementor-widget-button\" data-id=\"aa13ce2\" data-element_type=\"widget\" data-e-type=\"widget\" data-widget_type=\"button.default\">\n\t\t\t\t<div class=\"elementor-widget-container\">\n\t\t\t\t\t\t\t\t\t<div class=\"elementor-button-wrapper\">\n\t\t\t\t\t<a class=\"elementor-button elementor-button-link elementor-size-sm\" href=\"mailto:info@campinginnerduyn.nl\">\n\t\t\t\t\t\t<span class=\"elementor-button-content-wrapper\">\n\t\t\t\t\t\t\t\t\t<span class=\"elementor-button-text\">Kontaktieren Sie uns<\/span>\n\t\t\t\t\t<\/span>\n\t\t\t\t\t<\/a>\n\t\t\t\t<\/div>\n\t\t\t\t\t\t\t\t<\/div>\n\t\t\t\t<\/div>\n\t\t\t\t<div class=\"elementor-element elementor-element-8484b59 elementor-widget-divider--view-line elementor-widget elementor-widget-divider\" data-id=\"8484b59\" data-element_type=\"widget\" data-e-type=\"widget\" data-widget_type=\"divider.default\">\n\t\t\t\t<div class=\"elementor-widget-container\">\n\t\t\t\t\t\t\t<div class=\"elementor-divider\">\n\t\t\t<span class=\"elementor-divider-separator\">\n\t\t\t\t\t\t<\/span>\n\t\t<\/div>\n\t\t\t\t\t\t<\/div>\n\t\t\t\t<\/div>\n\t\t\t\t\t<\/div>\n\t\t<\/div>\n\t\t\t\t\t<\/div>\n\t\t<\/section>\n\t\t\t\t<section class=\"elementor-section elementor-top-section elementor-element elementor-element-f80e59b elementor-section-boxed elementor-section-height-default elementor-section-height-default\" data-id=\"f80e59b\" data-element_type=\"section\" data-e-type=\"section\">\n\t\t\t\t\t\t<div class=\"elementor-container elementor-column-gap-no\">\n\t\t\t\t\t<div class=\"elementor-column elementor-col-50 elementor-top-column elementor-element elementor-element-e911d8c\" data-id=\"e911d8c\" data-element_type=\"column\" data-e-type=\"column\">\n\t\t\t<div class=\"elementor-widget-wrap elementor-element-populated\">\n\t\t\t\t\t\t<div class=\"elementor-element elementor-element-ca274bd elementor-pagination-position-outside elementor-widget elementor-widget-image-carousel\" data-id=\"ca274bd\" data-element_type=\"widget\" data-e-type=\"widget\" data-settings=\"{&quot;slides_to_show&quot;:&quot;1&quot;,&quot;navigation&quot;:&quot;dots&quot;,&quot;autoplay&quot;:&quot;yes&quot;,&quot;pause_on_hover&quot;:&quot;yes&quot;,&quot;pause_on_interaction&quot;:&quot;yes&quot;,&quot;autoplay_speed&quot;:5000,&quot;infinite&quot;:&quot;yes&quot;,&quot;effect&quot;:&quot;slide&quot;,&quot;speed&quot;:500}\" data-widget_type=\"image-carousel.default\">\n\t\t\t\t<div class=\"elementor-widget-container\">\n\t\t\t\t\t\t\t<div class=\"elementor-image-carousel-wrapper swiper\" role=\"region\" aria-roledescription=\"carousel\" aria-label=\"Afbeelding carrousel\" dir=\"ltr\">\n\t\t\t<div class=\"elementor-image-carousel swiper-wrapper swiper-image-stretch\" aria-live=\"off\">\n\t\t\t\t\t\t\t\t<div class=\"swiper-slide\" role=\"group\" aria-roledescription=\"slide\" aria-label=\"1 von 4\"><figure class=\"swiper-slide-inner\"><img decoding=\"async\" class=\"swiper-slide-image\" src=\"https:\/\/www.campinginnerduyn.nl\/wp-content\/uploads\/2026\/09\/Vergaderlocatie.jpg\" alt=\"Vergaderlocatie.jpg\" \/><\/figure><\/div><div class=\"swiper-slide\" role=\"group\" aria-roledescription=\"slide\" aria-label=\"2 von 4\"><figure class=\"swiper-slide-inner\"><img decoding=\"async\" class=\"swiper-slide-image\" src=\"https:\/\/www.campinginnerduyn.nl\/wp-content\/uploads\/2026\/09\/Recreatieruimte-3.jpg\" alt=\"Recreatieruimte-3.jpg\" \/><\/figure><\/div><div class=\"swiper-slide\" role=\"group\" aria-roledescription=\"slide\" aria-label=\"3 von 4\"><figure class=\"swiper-slide-inner\"><img decoding=\"async\" class=\"swiper-slide-image\" src=\"https:\/\/www.campinginnerduyn.nl\/wp-content\/uploads\/2026\/09\/Recreatieruimte-2.jpg\" alt=\"Recreatieruimte-2.jpg\" \/><\/figure><\/div><div class=\"swiper-slide\" role=\"group\" aria-roledescription=\"slide\" aria-label=\"4 von 4\"><figure class=\"swiper-slide-inner\"><img decoding=\"async\" class=\"swiper-slide-image\" src=\"https:\/\/www.campinginnerduyn.nl\/wp-content\/uploads\/2026\/09\/Recreatieruimte-1.jpg\" alt=\"Recreatieruimte-1.jpg\" \/><\/figure><\/div>\t\t\t<\/div>\n\t\t\t\t\t\t\t\n\t\t\t\t\t\t\t\t\t<div class=\"swiper-pagination\"><\/div>\n\t\t\t\t\t\t\t\t\t<\/div>\n\t\t\t\t\t\t<\/div>\n\t\t\t\t<\/div>\n\t\t\t\t\t<\/div>\n\t\t<\/div>\n\t\t\t\t<div class=\"elementor-column elementor-col-50 elementor-top-column elementor-element elementor-element-7fbfcc7\" data-id=\"7fbfcc7\" data-element_type=\"column\" data-e-type=\"column\">\n\t\t\t<div class=\"elementor-widget-wrap elementor-element-populated\">\n\t\t\t\t\t\t<div class=\"elementor-element elementor-element-c7424f9 elementor-widget elementor-widget-heading\" data-id=\"c7424f9\" data-element_type=\"widget\" data-e-type=\"widget\" data-widget_type=\"heading.default\">\n\t\t\t\t<div class=\"elementor-widget-container\">\n\t\t\t\t\t<h2 class=\"elementor-heading-title elementor-size-default\">Ein angenehmer Ort, um zusammenzukommen<\/h2>\t\t\t\t<\/div>\n\t\t\t\t<\/div>\n\t\t\t\t<div class=\"elementor-element elementor-element-8a58f41 elementor-widget elementor-widget-text-editor\" data-id=\"8a58f41\" data-element_type=\"widget\" data-e-type=\"widget\" data-widget_type=\"text-editor.default\">\n\t\t\t\t<div class=\"elementor-widget-container\">\n\t\t\t\t\t\t\t\t\t<p>Der Raum befindet sich im Obergeschoss unseres neuen Sanit\u00e4rgeb\u00e4udes und bietet Platz f\u00fcr maximal 35 Personen.<\/p><p>Dank der ruhigen Lage von Camping Innerduyn ist dies ein angenehmer Ort, um zusammenzukommen, sich auszutauschen oder in entspannter Atmosph\u00e4re etwas zu feiern.<\/p><p>Der Aufenthaltsraum kann nach Absprache beispielsweise f\u00fcr Folgendes genutzt werden:<\/p><ul><li><p>Eine Besprechung.<\/p><\/li><li><p>Einen Teamausflug.<\/p><\/li><li><p>Einen Workshop.<\/p><\/li><li><p>Eine kleine Geburtstagsfeier.<\/p><\/li><li><p>Ein ungezwungenes Treffen.<\/p><\/li><\/ul>\t\t\t\t\t\t\t\t<\/div>\n\t\t\t\t<\/div>\n\t\t\t\t<div class=\"elementor-element elementor-element-f21f8ce elementor-widget-divider--view-line elementor-widget elementor-widget-divider\" data-id=\"f21f8ce\" data-element_type=\"widget\" data-e-type=\"widget\" data-widget_type=\"divider.default\">\n\t\t\t\t<div class=\"elementor-widget-container\">\n\t\t\t\t\t\t\t<div class=\"elementor-divider\">\n\t\t\t<span class=\"elementor-divider-separator\">\n\t\t\t\t\t\t<\/span>\n\t\t<\/div>\n\t\t\t\t\t\t<\/div>\n\t\t\t\t<\/div>\n\t\t\t\t\t<\/div>\n\t\t<\/div>\n\t\t\t\t\t<\/div>\n\t\t<\/section>\n\t\t\t\t<section class=\"elementor-section elementor-top-section elementor-element elementor-element-396a956 elementor-section-boxed elementor-section-height-default elementor-section-height-default\" data-id=\"396a956\" data-element_type=\"section\" data-e-type=\"section\">\n\t\t\t\t\t\t<div class=\"elementor-container elementor-column-gap-no\">\n\t\t\t\t\t<div class=\"elementor-column elementor-col-50 elementor-top-column elementor-element elementor-element-0e53cf6\" data-id=\"0e53cf6\" data-element_type=\"column\" data-e-type=\"column\">\n\t\t\t<div class=\"elementor-widget-wrap elementor-element-populated\">\n\t\t\t\t\t\t<div class=\"elementor-element elementor-element-06753a3 elementor-pagination-position-outside elementor-widget elementor-widget-image-carousel\" data-id=\"06753a3\" data-element_type=\"widget\" data-e-type=\"widget\" data-settings=\"{&quot;slides_to_show&quot;:&quot;1&quot;,&quot;navigation&quot;:&quot;dots&quot;,&quot;autoplay&quot;:&quot;yes&quot;,&quot;pause_on_hover&quot;:&quot;yes&quot;,&quot;pause_on_interaction&quot;:&quot;yes&quot;,&quot;autoplay_speed&quot;:5000,&quot;infinite&quot;:&quot;yes&quot;,&quot;effect&quot;:&quot;slide&quot;,&quot;speed&quot;:500}\" data-widget_type=\"image-carousel.default\">\n\t\t\t\t<div class=\"elementor-widget-container\">\n\t\t\t\t\t\t\t<div class=\"elementor-image-carousel-wrapper swiper\" role=\"region\" aria-roledescription=\"carousel\" aria-label=\"Afbeelding carrousel\" dir=\"ltr\">\n\t\t\t<div class=\"elementor-image-carousel swiper-wrapper swiper-image-stretch\" aria-live=\"off\">\n\t\t\t\t\t\t\t\t<div class=\"swiper-slide\" role=\"group\" aria-roledescription=\"slide\" aria-label=\"1 von 2\"><figure class=\"swiper-slide-inner\"><img decoding=\"async\" class=\"swiper-slide-image\" src=\"https:\/\/www.campinginnerduyn.nl\/wp-content\/uploads\/2026\/09\/Melissa-camping-innerduyn.jpg\" alt=\"Melissa-camping-innerduyn.jpg\" \/><\/figure><\/div><div class=\"swiper-slide\" role=\"group\" aria-roledescription=\"slide\" aria-label=\"2 von 2\"><figure class=\"swiper-slide-inner\"><img decoding=\"async\" class=\"swiper-slide-image\" src=\"https:\/\/www.campinginnerduyn.nl\/wp-content\/uploads\/2026\/09\/Peter-camping-innerduyn.jpg\" alt=\"Peter-camping-innerduyn.jpg\" \/><\/figure><\/div>\t\t\t<\/div>\n\t\t\t\t\t\t\t\n\t\t\t\t\t\t\t\t\t<div class=\"swiper-pagination\"><\/div>\n\t\t\t\t\t\t\t\t\t<\/div>\n\t\t\t\t\t\t<\/div>\n\t\t\t\t<\/div>\n\t\t\t\t\t<\/div>\n\t\t<\/div>\n\t\t\t\t<div class=\"elementor-column elementor-col-50 elementor-top-column elementor-element elementor-element-4a8ad6e\" data-id=\"4a8ad6e\" data-element_type=\"column\" data-e-type=\"column\">\n\t\t\t<div class=\"elementor-widget-wrap elementor-element-populated\">\n\t\t\t\t\t\t<div class=\"elementor-element elementor-element-1c85d87 elementor-widget elementor-widget-heading\" data-id=\"1c85d87\" data-element_type=\"widget\" data-e-type=\"widget\" data-widget_type=\"heading.default\">\n\t\t\t\t<div class=\"elementor-widget-container\">\n\t\t\t\t\t<h2 class=\"elementor-heading-title elementor-size-default\">Adults Only<\/h2>\t\t\t\t<\/div>\n\t\t\t\t<\/div>\n\t\t\t\t<div class=\"elementor-element elementor-element-26f2918 elementor-widget elementor-widget-text-editor\" data-id=\"26f2918\" data-element_type=\"widget\" data-e-type=\"widget\" data-widget_type=\"text-editor.default\">\n\t\t\t\t<div class=\"elementor-widget-container\">\n\t\t\t\t\t\t\t\t\t<p>Camping Innerduyn ist ein Adults-only-Campingplatz. Das bedeutet, dass der Aufenthaltsraum ausschlie\u00dflich f\u00fcr Veranstaltungen mit Erwachsenen genutzt werden kann. Geburtstagsfeiern, Feste oder andere Veranstaltungen, bei denen Kinder anwesend sind, sind daher nicht m\u00f6glich.<\/p><p>M\u00f6chten Sie weitere Informationen zu den M\u00f6glichkeiten, zur Verf\u00fcgbarkeit oder zu den Kosten? <a href=\"mailto:info@campinginnerduyn.nl\">Schicken Sie uns gerne eine Nachricht.<\/a><\/p>\t\t\t\t\t\t\t\t<\/div>\n\t\t\t\t<\/div>\n\t\t\t\t<div class=\"elementor-element elementor-element-49aab2f elementor-widget elementor-widget-button\" data-id=\"49aab2f\" data-element_type=\"widget\" data-e-type=\"widget\" data-widget_type=\"button.default\">\n\t\t\t\t<div class=\"elementor-widget-container\">\n\t\t\t\t\t\t\t\t\t<div class=\"elementor-button-wrapper\">\n\t\t\t\t\t<a class=\"elementor-button elementor-button-link elementor-size-sm\" href=\"mailto:info@campinginnerduyn.nl\">\n\t\t\t\t\t\t<span class=\"elementor-button-content-wrapper\">\n\t\t\t\t\t\t\t\t\t<span class=\"elementor-button-text\">Kontaktieren Sie uns<\/span>\n\t\t\t\t\t<\/span>\n\t\t\t\t\t<\/a>\n\t\t\t\t<\/div>\n\t\t\t\t\t\t\t\t<\/div>\n\t\t\t\t<\/div>\n\t\t\t\t<div class=\"elementor-element elementor-element-e9feef9 elementor-widget-divider--view-line elementor-widget elementor-widget-divider\" data-id=\"e9feef9\" data-element_type=\"widget\" data-e-type=\"widget\" data-widget_type=\"divider.default\">\n\t\t\t\t<div class=\"elementor-widget-container\">\n\t\t\t\t\t\t\t<div class=\"elementor-divider\">\n\t\t\t<span class=\"elementor-divider-separator\">\n\t\t\t\t\t\t<\/span>\n\t\t<\/div>\n\t\t\t\t\t\t<\/div>\n\t\t\t\t<\/div>\n\t\t\t\t\t<\/div>\n\t\t<\/div>\n\t\t\t\t\t<\/div>\n\t\t<\/section>\n\t\t\t\t<section class=\"elementor-section elementor-top-section elementor-element elementor-element-4f47dd1 elementor-section-stretched elementor-section-height-min-height elementor-section-items-top elementor-section-full_width elementor-section-height-default\" data-id=\"4f47dd1\" data-element_type=\"section\" data-e-type=\"section\" data-settings=\"{&quot;stretch_section&quot;:&quot;section-stretched&quot;,&quot;background_background&quot;:&quot;classic&quot;}\">\n\t\t\t\t\t\t<div class=\"elementor-container elementor-column-gap-no\">\n\t\t\t\t\t<div class=\"elementor-column elementor-col-100 elementor-top-column elementor-element elementor-element-97a24c9\" data-id=\"97a24c9\" data-element_type=\"column\" data-e-type=\"column\">\n\t\t\t<div class=\"elementor-widget-wrap\">\n\t\t\t\t\t\t\t<\/div>\n\t\t<\/div>\n\t\t\t\t\t<\/div>\n\t\t<\/section>\n\t\t\t\t<section class=\"elementor-section elementor-top-section elementor-element elementor-element-3618eb6 elementor-section-stretched elementor-section-boxed elementor-section-height-default elementor-section-height-default\" data-id=\"3618eb6\" data-element_type=\"section\" data-e-type=\"section\" data-settings=\"{&quot;background_background&quot;:&quot;classic&quot;,&quot;stretch_section&quot;:&quot;section-stretched&quot;}\">\n\t\t\t\t\t\t<div class=\"elementor-container elementor-column-gap-no\">\n\t\t\t\t\t<div class=\"elementor-column elementor-col-100 elementor-top-column elementor-element elementor-element-8d0e972\" data-id=\"8d0e972\" data-element_type=\"column\" data-e-type=\"column\">\n\t\t\t<div class=\"elementor-widget-wrap elementor-element-populated\">\n\t\t\t\t\t\t<section class=\"elementor-section elementor-inner-section elementor-element elementor-element-7b06aaa elementor-section-boxed elementor-section-height-default elementor-section-height-default\" data-id=\"7b06aaa\" data-element_type=\"section\" data-e-type=\"section\">\n\t\t\t\t\t\t<div class=\"elementor-container elementor-column-gap-no\">\n\t\t\t\t\t<div class=\"elementor-column elementor-col-25 elementor-inner-column elementor-element elementor-element-60765ce\" data-id=\"60765ce\" data-element_type=\"column\" data-e-type=\"column\">\n\t\t\t<div class=\"elementor-widget-wrap elementor-element-populated\">\n\t\t\t\t\t\t<div class=\"elementor-element elementor-element-ce819ed elementor-widget elementor-widget-image\" data-id=\"ce819ed\" data-element_type=\"widget\" data-e-type=\"widget\" data-widget_type=\"image.default\">\n\t\t\t\t<div class=\"elementor-widget-container\">\n\t\t\t\t\t\t\t\t\t\t\t\t\t\t\t\t<a href=\"https:\/\/www.campinginnerduyn.nl\/de\/\">\n\t\t\t\t\t\t\t<img fetchpriority=\"high\" decoding=\"async\" width=\"440\" height=\"565\" src=\"https:\/\/www.campinginnerduyn.nl\/wp-content\/uploads\/2026\/09\/logo_camping-innerduyn-outline-diap-deutsch-footer.png\" class=\"attachment-full size-full wp-image-4710\" alt=\"\" srcset=\"https:\/\/www.campinginnerduyn.nl\/wp-content\/uploads\/2026\/09\/logo_camping-innerduyn-outline-diap-deutsch-footer.png 440w, https:\/\/www.campinginnerduyn.nl\/wp-content\/uploads\/2026\/09\/logo_camping-innerduyn-outline-diap-deutsch-footer-234x300.png 234w\" sizes=\"(max-width: 440px) 100vw, 440px\" \/>\t\t\t\t\t\t\t\t<\/a>\n\t\t\t\t\t\t\t\t\t\t\t\t\t\t\t<\/div>\n\t\t\t\t<\/div>\n\t\t\t\t\t<\/div>\n\t\t<\/div>\n\t\t\t\t<div class=\"elementor-column elementor-col-25 elementor-inner-column elementor-element elementor-element-e4b1347\" data-id=\"e4b1347\" data-element_type=\"column\" data-e-type=\"column\">\n\t\t\t<div class=\"elementor-widget-wrap elementor-element-populated\">\n\t\t\t\t\t\t<div class=\"elementor-element elementor-element-b1bc03c elementor-widget elementor-widget-heading\" data-id=\"b1bc03c\" data-element_type=\"widget\" data-e-type=\"widget\" data-widget_type=\"heading.default\">\n\t\t\t\t<div class=\"elementor-widget-container\">\n\t\t\t\t\t<h2 class=\"elementor-heading-title elementor-size-default\">Habt ihr Fragen?<br>\nRufen Sie uns gerne an<\/h2>\t\t\t\t<\/div>\n\t\t\t\t<\/div>\n\t\t\t\t<div class=\"elementor-element elementor-element-9922d16 elementor-position-inline-start elementor-tablet-position-block-start elementor-view-default elementor-mobile-position-block-start elementor-widget elementor-widget-icon-box\" data-id=\"9922d16\" data-element_type=\"widget\" data-e-type=\"widget\" data-widget_type=\"icon-box.default\">\n\t\t\t\t<div class=\"elementor-widget-container\">\n\t\t\t\t\t\t\t<div class=\"elementor-icon-box-wrapper\">\n\n\t\t\t\t\t\t<div class=\"elementor-icon-box-icon\">\n\t\t\t\t<a href=\"tel:0031657031305\" class=\"elementor-icon\" tabindex=\"-1\" aria-label=\"+31 657031305\">\n\t\t\t\t<i aria-hidden=\"true\" class=\"winwood-icon- winwood-icon-phone-square\"><\/i>\t\t\t\t<\/a>\n\t\t\t<\/div>\n\t\t\t\n\t\t\t\t\t\t<div class=\"elementor-icon-box-content\">\n\n\t\t\t\t\t\t\t\t\t<span class=\"elementor-icon-box-title\">\n\t\t\t\t\t\t<a href=\"tel:0031657031305\" >\n\t\t\t\t\t\t\t+31 657031305\t\t\t\t\t\t<\/a>\n\t\t\t\t\t<\/span>\n\t\t\t\t\n\t\t\t\t\n\t\t\t<\/div>\n\t\t\t\n\t\t<\/div>\n\t\t\t\t\t\t<\/div>\n\t\t\t\t<\/div>\n\t\t\t\t<div class=\"elementor-element elementor-element-0d58185 elementor-widget elementor-widget-text-editor\" data-id=\"0d58185\" data-element_type=\"widget\" data-e-type=\"widget\" data-widget_type=\"text-editor.default\">\n\t\t\t\t<div class=\"elementor-widget-container\">\n\t\t\t\t\t\t\t\t\t<p style=\"text-align: center;\">Valkenisseweg 54<br \/>4373 RW Biggekerke<br \/>Die Niederlande<br \/><a href=\"tel:0031657031305\">+31 657031305, oder<\/a><br \/><a href=\"tel:+001630471304\">+31 630471304<\/a><\/p><p style=\"text-align: center;\"><strong>E:<\/strong> <a href=\"mailto:info@campinginnerduyn.nl\">info@campinginnerduyn.nl<\/a><\/p>\t\t\t\t\t\t\t\t<\/div>\n\t\t\t\t<\/div>\n\t\t\t\t\t<\/div>\n\t\t<\/div>\n\t\t\t\t<div class=\"elementor-column elementor-col-25 elementor-inner-column elementor-element elementor-element-030e865\" data-id=\"030e865\" data-element_type=\"column\" data-e-type=\"column\">\n\t\t\t<div class=\"elementor-widget-wrap elementor-element-populated\">\n\t\t\t\t\t\t<div class=\"elementor-element elementor-element-e370512 elementor-widget elementor-widget-heading\" data-id=\"e370512\" data-element_type=\"widget\" data-e-type=\"widget\" data-widget_type=\"heading.default\">\n\t\t\t\t<div class=\"elementor-widget-container\">\n\t\t\t\t\t<h2 class=\"elementor-heading-title elementor-size-default\">Sitemap<\/h2>\t\t\t\t<\/div>\n\t\t\t\t<\/div>\n\t\t\t\t<div class=\"elementor-element elementor-element-0634f36 elementor-align-start elementor-mobile-align-center elementor-icon-list--layout-traditional elementor-list-item-link-full_width elementor-widget elementor-widget-icon-list\" data-id=\"0634f36\" data-element_type=\"widget\" data-e-type=\"widget\" data-widget_type=\"icon-list.default\">\n\t\t\t\t<div class=\"elementor-widget-container\">\n\t\t\t\t\t\t\t<ul class=\"elementor-icon-list-items\">\n\t\t\t\t\t\t\t<li class=\"elementor-icon-list-item\">\n\t\t\t\t\t\t\t\t\t\t\t<a href=\"\/\">\n\n\t\t\t\t\t\t\t\t\t\t\t\t<span class=\"elementor-icon-list-icon\">\n\t\t\t\t\t\t\t<i aria-hidden=\"true\" class=\"fas fa-arrow-right\"><\/i>\t\t\t\t\t\t<\/span>\n\t\t\t\t\t\t\t\t\t\t<span class=\"elementor-icon-list-text\">Home<\/span>\n\t\t\t\t\t\t\t\t\t\t\t<\/a>\n\t\t\t\t\t\t\t\t\t<\/li>\n\t\t\t\t\t\t\t\t<li class=\"elementor-icon-list-item\">\n\t\t\t\t\t\t\t\t\t\t\t<a href=\"https:\/\/www.campinginnerduyn.nl\/de\/der-campingplatz\/\">\n\n\t\t\t\t\t\t\t\t\t\t\t\t<span class=\"elementor-icon-list-icon\">\n\t\t\t\t\t\t\t<i aria-hidden=\"true\" class=\"fas fa-arrow-right\"><\/i>\t\t\t\t\t\t<\/span>\n\t\t\t\t\t\t\t\t\t\t<span class=\"elementor-icon-list-text\">Der Campingplatz<\/span>\n\t\t\t\t\t\t\t\t\t\t\t<\/a>\n\t\t\t\t\t\t\t\t\t<\/li>\n\t\t\t\t\t\t\t\t<li class=\"elementor-icon-list-item\">\n\t\t\t\t\t\t\t\t\t\t\t<a href=\"https:\/\/www.campinginnerduyn.nl\/de\/nur-fur-erwachsenen\/\">\n\n\t\t\t\t\t\t\t\t\t\t\t\t<span class=\"elementor-icon-list-icon\">\n\t\t\t\t\t\t\t<i aria-hidden=\"true\" class=\"fas fa-arrow-right\"><\/i>\t\t\t\t\t\t<\/span>\n\t\t\t\t\t\t\t\t\t\t<span class=\"elementor-icon-list-text\">Nur f\u00fcr Erwachsenen<\/span>\n\t\t\t\t\t\t\t\t\t\t\t<\/a>\n\t\t\t\t\t\t\t\t\t<\/li>\n\t\t\t\t\t\t\t\t<li class=\"elementor-icon-list-item\">\n\t\t\t\t\t\t\t\t\t\t\t<a href=\"https:\/\/www.campinginnerduyn.nl\/de\/einrichtungen\/\">\n\n\t\t\t\t\t\t\t\t\t\t\t\t<span class=\"elementor-icon-list-icon\">\n\t\t\t\t\t\t\t<i aria-hidden=\"true\" class=\"fas fa-arrow-right\"><\/i>\t\t\t\t\t\t<\/span>\n\t\t\t\t\t\t\t\t\t\t<span class=\"elementor-icon-list-text\">Einrichtungen<\/span>\n\t\t\t\t\t\t\t\t\t\t\t<\/a>\n\t\t\t\t\t\t\t\t\t<\/li>\n\t\t\t\t\t\t\t\t<li class=\"elementor-icon-list-item\">\n\t\t\t\t\t\t\t\t\t\t\t<a href=\"https:\/\/www.campinginnerduyn.nl\/de\/plan\/\">\n\n\t\t\t\t\t\t\t\t\t\t\t\t<span class=\"elementor-icon-list-icon\">\n\t\t\t\t\t\t\t<i aria-hidden=\"true\" class=\"fas fa-arrow-right\"><\/i>\t\t\t\t\t\t<\/span>\n\t\t\t\t\t\t\t\t\t\t<span class=\"elementor-icon-list-text\">Plan<\/span>\n\t\t\t\t\t\t\t\t\t\t\t<\/a>\n\t\t\t\t\t\t\t\t\t<\/li>\n\t\t\t\t\t\t\t\t<li class=\"elementor-icon-list-item\">\n\t\t\t\t\t\t\t\t\t\t\t<a href=\"https:\/\/www.campinginnerduyn.nl\/de\/umgebung\/\">\n\n\t\t\t\t\t\t\t\t\t\t\t\t<span class=\"elementor-icon-list-icon\">\n\t\t\t\t\t\t\t<i aria-hidden=\"true\" class=\"fas fa-arrow-right\"><\/i>\t\t\t\t\t\t<\/span>\n\t\t\t\t\t\t\t\t\t\t<span class=\"elementor-icon-list-text\">Umgebung<\/span>\n\t\t\t\t\t\t\t\t\t\t\t<\/a>\n\t\t\t\t\t\t\t\t\t<\/li>\n\t\t\t\t\t\t\t\t<li class=\"elementor-icon-list-item\">\n\t\t\t\t\t\t\t\t\t\t\t<a href=\"https:\/\/www.campinginnerduyn.nl\/de\/der-blumengarten\/\">\n\n\t\t\t\t\t\t\t\t\t\t\t\t<span class=\"elementor-icon-list-icon\">\n\t\t\t\t\t\t\t<i aria-hidden=\"true\" class=\"fas fa-arrow-right\"><\/i>\t\t\t\t\t\t<\/span>\n\t\t\t\t\t\t\t\t\t\t<span class=\"elementor-icon-list-text\">Der Blumengarten<\/span>\n\t\t\t\t\t\t\t\t\t\t\t<\/a>\n\t\t\t\t\t\t\t\t\t<\/li>\n\t\t\t\t\t\t\t\t<li class=\"elementor-icon-list-item\">\n\t\t\t\t\t\t\t\t\t\t\t<a href=\"https:\/\/www.campinginnerduyn.nl\/de\/wintercamping\/\">\n\n\t\t\t\t\t\t\t\t\t\t\t\t<span class=\"elementor-icon-list-icon\">\n\t\t\t\t\t\t\t<i aria-hidden=\"true\" class=\"fas fa-arrow-right\"><\/i>\t\t\t\t\t\t<\/span>\n\t\t\t\t\t\t\t\t\t\t<span class=\"elementor-icon-list-text\">Wintercamping<\/span>\n\t\t\t\t\t\t\t\t\t\t\t<\/a>\n\t\t\t\t\t\t\t\t\t<\/li>\n\t\t\t\t\t\t\t\t<li class=\"elementor-icon-list-item\">\n\t\t\t\t\t\t\t\t\t\t\t<a href=\"https:\/\/www.campinginnerduyn.nl\/preisen\/\">\n\n\t\t\t\t\t\t\t\t\t\t\t\t<span class=\"elementor-icon-list-icon\">\n\t\t\t\t\t\t\t<i aria-hidden=\"true\" class=\"fas fa-arrow-right\"><\/i>\t\t\t\t\t\t<\/span>\n\t\t\t\t\t\t\t\t\t\t<span class=\"elementor-icon-list-text\">Preisen<\/span>\n\t\t\t\t\t\t\t\t\t\t\t<\/a>\n\t\t\t\t\t\t\t\t\t<\/li>\n\t\t\t\t\t\t\t\t<li class=\"elementor-icon-list-item\">\n\t\t\t\t\t\t\t\t\t\t\t<a href=\"https:\/\/www.campinginnerduyn.nl\/de\/nachricht\">\n\n\t\t\t\t\t\t\t\t\t\t\t\t<span class=\"elementor-icon-list-icon\">\n\t\t\t\t\t\t\t<i aria-hidden=\"true\" class=\"fas fa-arrow-right\"><\/i>\t\t\t\t\t\t<\/span>\n\t\t\t\t\t\t\t\t\t\t<span class=\"elementor-icon-list-text\">Nachricht<\/span>\n\t\t\t\t\t\t\t\t\t\t\t<\/a>\n\t\t\t\t\t\t\t\t\t<\/li>\n\t\t\t\t\t\t\t\t<li class=\"elementor-icon-list-item\">\n\t\t\t\t\t\t\t\t\t\t\t<a href=\"https:\/\/www.campinginnerduyn.nl\/de\/buchen\">\n\n\t\t\t\t\t\t\t\t\t\t\t\t<span class=\"elementor-icon-list-icon\">\n\t\t\t\t\t\t\t<i aria-hidden=\"true\" class=\"fas fa-arrow-right\"><\/i>\t\t\t\t\t\t<\/span>\n\t\t\t\t\t\t\t\t\t\t<span class=\"elementor-icon-list-text\">Buchen<\/span>\n\t\t\t\t\t\t\t\t\t\t\t<\/a>\n\t\t\t\t\t\t\t\t\t<\/li>\n\t\t\t\t\t\t\t\t<li class=\"elementor-icon-list-item\">\n\t\t\t\t\t\t\t\t\t\t\t<a href=\"https:\/\/www.campinginnerduyn.nl\/de\/stornierung\/\">\n\n\t\t\t\t\t\t\t\t\t\t\t\t<span class=\"elementor-icon-list-icon\">\n\t\t\t\t\t\t\t<i aria-hidden=\"true\" class=\"fas fa-arrow-right\"><\/i>\t\t\t\t\t\t<\/span>\n\t\t\t\t\t\t\t\t\t\t<span class=\"elementor-icon-list-text\">Stornierung<\/span>\n\t\t\t\t\t\t\t\t\t\t\t<\/a>\n\t\t\t\t\t\t\t\t\t<\/li>\n\t\t\t\t\t\t\t\t<li class=\"elementor-icon-list-item\">\n\t\t\t\t\t\t\t\t\t\t\t<a href=\"https:\/\/www.campinginnerduyn.nl\/de\/kontakt\">\n\n\t\t\t\t\t\t\t\t\t\t\t\t<span class=\"elementor-icon-list-icon\">\n\t\t\t\t\t\t\t<i aria-hidden=\"true\" class=\"fas fa-arrow-right\"><\/i>\t\t\t\t\t\t<\/span>\n\t\t\t\t\t\t\t\t\t\t<span class=\"elementor-icon-list-text\">Kontakt<\/span>\n\t\t\t\t\t\t\t\t\t\t\t<\/a>\n\t\t\t\t\t\t\t\t\t<\/li>\n\t\t\t\t\t\t<\/ul>\n\t\t\t\t\t\t<\/div>\n\t\t\t\t<\/div>\n\t\t\t\t\t<\/div>\n\t\t<\/div>\n\t\t\t\t<div class=\"elementor-column elementor-col-25 elementor-inner-column elementor-element elementor-element-9b6af57\" data-id=\"9b6af57\" data-element_type=\"column\" data-e-type=\"column\">\n\t\t\t<div class=\"elementor-widget-wrap elementor-element-populated\">\n\t\t\t\t\t\t<div class=\"elementor-element elementor-element-cab3e06 elementor-widget elementor-widget-image\" data-id=\"cab3e06\" data-element_type=\"widget\" data-e-type=\"widget\" data-widget_type=\"image.default\">\n\t\t\t\t<div class=\"elementor-widget-container\">\n\t\t\t\t\t\t\t\t\t\t\t\t\t\t\t\t<a href=\"https:\/\/www.anwbcamping.nl\/nederland\/zeeland\/camping-innerduyn\" target=\"_blank\">\n\t\t\t\t\t\t\t<img decoding=\"async\" width=\"150\" height=\"150\" src=\"https:\/\/www.campinginnerduyn.nl\/wp-content\/uploads\/2020\/03\/Nieuw-ANWB-logo-charme-2026-150x150.png\" class=\"attachment-thumbnail size-thumbnail wp-image-4574\" alt=\"\" srcset=\"https:\/\/www.campinginnerduyn.nl\/wp-content\/uploads\/2020\/03\/Nieuw-ANWB-logo-charme-2026-150x150.png 150w, https:\/\/www.campinginnerduyn.nl\/wp-content\/uploads\/2020\/03\/Nieuw-ANWB-logo-charme-2026.png 300w\" sizes=\"(max-width: 150px) 100vw, 150px\" \/>\t\t\t\t\t\t\t\t<\/a>\n\t\t\t\t\t\t\t\t\t\t\t\t\t\t\t<\/div>\n\t\t\t\t<\/div>\n\t\t\t\t<div class=\"elementor-element elementor-element-0ae6891 elementor-widget elementor-widget-image\" data-id=\"0ae6891\" data-element_type=\"widget\" data-e-type=\"widget\" data-widget_type=\"image.default\">\n\t\t\t\t<div class=\"elementor-widget-container\">\n\t\t\t\t\t\t\t\t\t\t\t\t\t\t\t\t<a href=\"https:\/\/mijnlievelingsplek.nl\/campings\/innerduyn\/\" target=\"_blank\">\n\t\t\t\t\t\t\t<img decoding=\"async\" src=\"https:\/\/www.campinginnerduyn.nl\/wp-content\/uploads\/elementor\/thumbs\/MLP_Logo_DEF-rstgjxpsa2bn2r4oq081k7bew2yqadtsu2idntvozq.jpg\" title=\"MLP_Logo_DEF.jpg\" alt=\"MLP_Logo_DEF.jpg\" loading=\"lazy\" \/>\t\t\t\t\t\t\t\t<\/a>\n\t\t\t\t\t\t\t\t\t\t\t\t\t\t\t<\/div>\n\t\t\t\t<\/div>\n\t\t\t\t<div class=\"elementor-element elementor-element-16554f7 elementor-widget elementor-widget-image\" data-id=\"16554f7\" data-element_type=\"widget\" data-e-type=\"widget\" data-widget_type=\"image.default\">\n\t\t\t\t<div class=\"elementor-widget-container\">\n\t\t\t\t\t\t\t\t\t\t\t\t\t\t\t\t<a href=\"https:\/\/www.inhetgroen.nl\/bedrijf\/220\/Innerduyn#!\/b79418\/Innerduyn\" target=\"_blank\">\n\t\t\t\t\t\t\t<img decoding=\"async\" width=\"150\" height=\"82\" src=\"https:\/\/www.campinginnerduyn.nl\/wp-content\/uploads\/2026\/09\/in-t-groen.jpg\" class=\"attachment-thumbnail size-thumbnail wp-image-4716\" alt=\"\" \/>\t\t\t\t\t\t\t\t<\/a>\n\t\t\t\t\t\t\t\t\t\t\t\t\t\t\t<\/div>\n\t\t\t\t<\/div>\n\t\t\t\t\t<\/div>\n\t\t<\/div>\n\t\t\t\t\t<\/div>\n\t\t<\/section>\n\t\t\t\t\t<\/div>\n\t\t<\/div>\n\t\t\t\t\t<\/div>\n\t\t<\/section>\n\t\t\t\t<section class=\"elementor-section elementor-top-section elementor-element elementor-element-ea796cc elementor-section-stretched elementor-section-content-middle elementor-section-boxed elementor-section-height-default elementor-section-height-default\" data-id=\"ea796cc\" data-element_type=\"section\" data-e-type=\"section\" data-settings=\"{&quot;stretch_section&quot;:&quot;section-stretched&quot;,&quot;background_background&quot;:&quot;classic&quot;}\">\n\t\t\t\t\t\t<div class=\"elementor-container elementor-column-gap-no\">\n\t\t\t\t\t<div class=\"elementor-column elementor-col-50 elementor-top-column elementor-element elementor-element-9315eda\" data-id=\"9315eda\" data-element_type=\"column\" data-e-type=\"column\">\n\t\t\t<div class=\"elementor-widget-wrap elementor-element-populated\">\n\t\t\t\t\t\t<div class=\"elementor-element elementor-element-47ed63b elementor-widget elementor-widget-text-editor\" data-id=\"47ed63b\" data-element_type=\"widget\" data-e-type=\"widget\" data-widget_type=\"text-editor.default\">\n\t\t\t\t<div class=\"elementor-widget-container\">\n\t\t\t\t\t\t\t\t\t<p style=\"text-align: center;\">Wir hantieren\u00a0<a style=\"background-color: #363636;\" href=\"https:\/\/www.campinginnerduyn.nl\/wp-content\/uploads\/2020\/03\/Annuleringsvoorwaarden-Vekabo-2024-DU.pdf\" target=\"_blank\" rel=\"noopener\">Vekabo Bedingungen.<\/a><br \/><a href=\"https:\/\/www.campinginnerduyn.nl\/privacy-statement\/\">Privacy Statement<\/a><\/p>\t\t\t\t\t\t\t\t<\/div>\n\t\t\t\t<\/div>\n\t\t\t\t\t<\/div>\n\t\t<\/div>\n\t\t\t\t<div class=\"elementor-column elementor-col-50 elementor-top-column elementor-element elementor-element-63faca7\" data-id=\"63faca7\" data-element_type=\"column\" data-e-type=\"column\">\n\t\t\t<div class=\"elementor-widget-wrap elementor-element-populated\">\n\t\t\t\t\t\t<div class=\"elementor-element elementor-element-7c685c9 elementor-widget__width-auto elementor-widget elementor-widget-text-editor\" data-id=\"7c685c9\" data-element_type=\"widget\" data-e-type=\"widget\" data-widget_type=\"text-editor.default\">\n\t\t\t\t<div class=\"elementor-widget-container\">\n\t\t\t\t\t\t\t\t\t<p>Website:\u00a0<a href=\"https:\/\/www.lamiadolcevita.nl\" target=\"_blank\" rel=\"noopener\">La Dolce Vita Webdesign<\/a><\/p>\t\t\t\t\t\t\t\t<\/div>\n\t\t\t\t<\/div>\n\t\t\t\t<div class=\"elementor-element elementor-element-f06c31f elementor-view-stacked elementor-widget__width-auto elementor-shape-circle elementor-widget elementor-widget-icon\" data-id=\"f06c31f\" data-element_type=\"widget\" data-e-type=\"widget\" data-widget_type=\"icon.default\">\n\t\t\t\t<div class=\"elementor-widget-container\">\n\t\t\t\t\t\t\t<div class=\"elementor-icon-wrapper\">\n\t\t\t<a class=\"elementor-icon\" href=\"#page\">\n\t\t\t<i aria-hidden=\"true\" class=\"winwood-icon- winwood-icon-angle-up\"><\/i>\t\t\t<\/a>\n\t\t<\/div>\n\t\t\t\t\t\t<\/div>\n\t\t\t\t<\/div>\n\t\t\t\t\t<\/div>\n\t\t<\/div>\n\t\t\t\t\t<\/div>\n\t\t<\/section>\n\t\t\t\t<\/div>\n\t\t","protected":false},"excerpt":{"rendered":"<p>Aufenthaltsraum mieten Suchen Sie einen ruhigen und gem\u00fctlichen Raum f\u00fcr eine Besprechung, einen Teamausflug oder eine kleine Veranstaltung?\u00a0Nach Absprache k\u00f6nnen Sie unseren Aufenthaltsraum mieten. Kontaktieren Sie uns Ein angenehmer Ort, um zusammenzukommen Der Raum befindet sich im Obergeschoss unseres neuen Sanit\u00e4rgeb\u00e4udes und bietet Platz f\u00fcr maximal 35 Personen. Dank der ruhigen Lage von Camping Innerduyn [&hellip;]<\/p>\n","protected":false},"author":1,"featured_media":0,"parent":0,"menu_order":0,"comment_status":"closed","ping_status":"closed","template":"elementor_header_footer","meta":{"inline_featured_image":false,"footnotes":""},"class_list":["post-4698","page","type-page","status-publish","hentry"],"yoast_head":"<!-- This site is optimized with the Yoast SEO plugin v28.4 - https:\/\/yoast.com\/product\/yoast-seo-wordpress\/ -->\n<title>Tagungsraum mieten in Zeeland | Tagen bei Camping Innerduyn<\/title>\n<meta name=\"description\" content=\"Suchen Sie einen ruhigen und gem\u00fctlichen Raum f\u00fcr eine Besprechung, einen Teamausflug oder eine kleine Veranstaltung?\" \/>\n<meta name=\"robots\" content=\"index, follow, max-snippet:-1, max-image-preview:large, max-video-preview:-1\" \/>\n<link rel=\"canonical\" href=\"https:\/\/www.campinginnerduyn.nl\/de\/aufenthaltsraum-mieten\/\" \/>\n<meta property=\"og:locale\" content=\"de_DE\" \/>\n<meta property=\"og:type\" content=\"article\" \/>\n<meta property=\"og:title\" content=\"Tagungsraum mieten in Zeeland | Tagen bei Camping Innerduyn\" \/>\n<meta property=\"og:description\" content=\"Suchen Sie einen ruhigen und gem\u00fctlichen Raum f\u00fcr eine Besprechung, einen Teamausflug oder eine kleine Veranstaltung?\" \/>\n<meta property=\"og:url\" content=\"https:\/\/www.campinginnerduyn.nl\/de\/aufenthaltsraum-mieten\/\" \/>\n<meta property=\"og:site_name\" content=\"Camping Innerduyn\" \/>\n<meta property=\"article:publisher\" content=\"https:\/\/www.facebook.com\/profile.php?id=100063508750371\" \/>\n<meta property=\"article:modified_time\" content=\"2026-09-02T15:24:32+00:00\" \/>\n<meta property=\"og:image\" content=\"https:\/\/www.campinginnerduyn.nl\/wp-content\/uploads\/2026\/09\/Vergaderlocatie.jpg\" \/>\n<meta name=\"twitter:card\" content=\"summary_large_image\" \/>\n<meta name=\"twitter:label1\" content=\"Gesch\u00e4tzte Lesezeit\" \/>\n\t<meta name=\"twitter:data1\" content=\"4\u00a0Minuten\" \/>\n<script type=\"application\/ld+json\" class=\"yoast-schema-graph\">{\"@context\":\"https:\\\/\\\/schema.org\",\"@graph\":[{\"@type\":\"WebPage\",\"@id\":\"https:\\\/\\\/www.campinginnerduyn.nl\\\/de\\\/aufenthaltsraum-mieten\\\/\",\"url\":\"https:\\\/\\\/www.campinginnerduyn.nl\\\/de\\\/aufenthaltsraum-mieten\\\/\",\"name\":\"Tagungsraum mieten in Zeeland | Tagen bei Camping Innerduyn\",\"isPartOf\":{\"@id\":\"https:\\\/\\\/www.campinginnerduyn.nl\\\/de\\\/#website\"},\"primaryImageOfPage\":{\"@id\":\"https:\\\/\\\/www.campinginnerduyn.nl\\\/de\\\/aufenthaltsraum-mieten\\\/#primaryimage\"},\"image\":{\"@id\":\"https:\\\/\\\/www.campinginnerduyn.nl\\\/de\\\/aufenthaltsraum-mieten\\\/#primaryimage\"},\"thumbnailUrl\":\"https:\\\/\\\/www.campinginnerduyn.nl\\\/wp-content\\\/uploads\\\/2026\\\/09\\\/Vergaderlocatie.jpg\",\"datePublished\":\"2026-09-02T14:53:22+00:00\",\"dateModified\":\"2026-09-02T15:24:32+00:00\",\"description\":\"Suchen Sie einen ruhigen und gem\u00fctlichen Raum f\u00fcr eine Besprechung, einen Teamausflug oder eine kleine Veranstaltung?\",\"breadcrumb\":{\"@id\":\"https:\\\/\\\/www.campinginnerduyn.nl\\\/de\\\/aufenthaltsraum-mieten\\\/#breadcrumb\"},\"inLanguage\":\"de\",\"potentialAction\":[{\"@type\":\"ReadAction\",\"target\":[\"https:\\\/\\\/www.campinginnerduyn.nl\\\/de\\\/aufenthaltsraum-mieten\\\/\"]}]},{\"@type\":\"ImageObject\",\"inLanguage\":\"de\",\"@id\":\"https:\\\/\\\/www.campinginnerduyn.nl\\\/de\\\/aufenthaltsraum-mieten\\\/#primaryimage\",\"url\":\"https:\\\/\\\/www.campinginnerduyn.nl\\\/wp-content\\\/uploads\\\/2026\\\/09\\\/Vergaderlocatie.jpg\",\"contentUrl\":\"https:\\\/\\\/www.campinginnerduyn.nl\\\/wp-content\\\/uploads\\\/2026\\\/09\\\/Vergaderlocatie.jpg\"},{\"@type\":\"BreadcrumbList\",\"@id\":\"https:\\\/\\\/www.campinginnerduyn.nl\\\/de\\\/aufenthaltsraum-mieten\\\/#breadcrumb\",\"itemListElement\":[{\"@type\":\"ListItem\",\"position\":1,\"name\":\"Home\",\"item\":\"https:\\\/\\\/www.campinginnerduyn.nl\\\/de\\\/\"},{\"@type\":\"ListItem\",\"position\":2,\"name\":\"Aufenthaltsraum mieten\"}]},{\"@type\":\"WebSite\",\"@id\":\"https:\\\/\\\/www.campinginnerduyn.nl\\\/de\\\/#website\",\"url\":\"https:\\\/\\\/www.campinginnerduyn.nl\\\/de\\\/\",\"name\":\"Camping Innerduyn\",\"description\":\"Kleinschalige camping in Zeeland - Adults Only\",\"publisher\":{\"@id\":\"https:\\\/\\\/www.campinginnerduyn.nl\\\/de\\\/#organization\"},\"potentialAction\":[{\"@type\":\"SearchAction\",\"target\":{\"@type\":\"EntryPoint\",\"urlTemplate\":\"https:\\\/\\\/www.campinginnerduyn.nl\\\/de\\\/?s={search_term_string}\"},\"query-input\":{\"@type\":\"PropertyValueSpecification\",\"valueRequired\":true,\"valueName\":\"search_term_string\"}}],\"inLanguage\":\"de\"},{\"@type\":\"Organization\",\"@id\":\"https:\\\/\\\/www.campinginnerduyn.nl\\\/de\\\/#organization\",\"name\":\"Camping Innerduyn\",\"url\":\"https:\\\/\\\/www.campinginnerduyn.nl\\\/de\\\/\",\"logo\":{\"@type\":\"ImageObject\",\"inLanguage\":\"de\",\"@id\":\"https:\\\/\\\/www.campinginnerduyn.nl\\\/de\\\/#\\\/schema\\\/logo\\\/image\\\/\",\"url\":\"https:\\\/\\\/www.campinginnerduyn.nl\\\/wp-content\\\/uploads\\\/2020\\\/03\\\/logo_camping-innerduyn-FC.png\",\"contentUrl\":\"https:\\\/\\\/www.campinginnerduyn.nl\\\/wp-content\\\/uploads\\\/2020\\\/03\\\/logo_camping-innerduyn-FC.png\",\"width\":400,\"height\":467,\"caption\":\"Camping Innerduyn\"},\"image\":{\"@id\":\"https:\\\/\\\/www.campinginnerduyn.nl\\\/de\\\/#\\\/schema\\\/logo\\\/image\\\/\"},\"sameAs\":[\"https:\\\/\\\/www.facebook.com\\\/profile.php?id=100063508750371\"]}]}<\/script>\n<!-- \/ Yoast SEO plugin. -->","yoast_head_json":{"title":"Tagungsraum mieten in Zeeland | Tagen bei Camping Innerduyn","description":"Suchen Sie einen ruhigen und gem\u00fctlichen Raum f\u00fcr eine Besprechung, einen Teamausflug oder eine kleine Veranstaltung?","robots":{"index":"index","follow":"follow","max-snippet":"max-snippet:-1","max-image-preview":"max-image-preview:large","max-video-preview":"max-video-preview:-1"},"canonical":"https:\/\/www.campinginnerduyn.nl\/de\/aufenthaltsraum-mieten\/","og_locale":"de_DE","og_type":"article","og_title":"Tagungsraum mieten in Zeeland | Tagen bei Camping Innerduyn","og_description":"Suchen Sie einen ruhigen und gem\u00fctlichen Raum f\u00fcr eine Besprechung, einen Teamausflug oder eine kleine Veranstaltung?","og_url":"https:\/\/www.campinginnerduyn.nl\/de\/aufenthaltsraum-mieten\/","og_site_name":"Camping Innerduyn","article_publisher":"https:\/\/www.facebook.com\/profile.php?id=100063508750371","article_modified_time":"2026-09-02T15:24:32+00:00","og_image":[{"url":"https:\/\/www.campinginnerduyn.nl\/wp-content\/uploads\/2026\/09\/Vergaderlocatie.jpg","type":"","width":"","height":""}],"twitter_card":"summary_large_image","twitter_misc":{"Gesch\u00e4tzte Lesezeit":"4\u00a0Minuten"},"schema":{"@context":"https:\/\/schema.org","@graph":[{"@type":"WebPage","@id":"https:\/\/www.campinginnerduyn.nl\/de\/aufenthaltsraum-mieten\/","url":"https:\/\/www.campinginnerduyn.nl\/de\/aufenthaltsraum-mieten\/","name":"Tagungsraum mieten in Zeeland | Tagen bei Camping Innerduyn","isPartOf":{"@id":"https:\/\/www.campinginnerduyn.nl\/de\/#website"},"primaryImageOfPage":{"@id":"https:\/\/www.campinginnerduyn.nl\/de\/aufenthaltsraum-mieten\/#primaryimage"},"image":{"@id":"https:\/\/www.campinginnerduyn.nl\/de\/aufenthaltsraum-mieten\/#primaryimage"},"thumbnailUrl":"https:\/\/www.campinginnerduyn.nl\/wp-content\/uploads\/2026\/09\/Vergaderlocatie.jpg","datePublished":"2026-09-02T14:53:22+00:00","dateModified":"2026-09-02T15:24:32+00:00","description":"Suchen Sie einen ruhigen und gem\u00fctlichen Raum f\u00fcr eine Besprechung, einen Teamausflug oder eine kleine Veranstaltung?","breadcrumb":{"@id":"https:\/\/www.campinginnerduyn.nl\/de\/aufenthaltsraum-mieten\/#breadcrumb"},"inLanguage":"de","potentialAction":[{"@type":"ReadAction","target":["https:\/\/www.campinginnerduyn.nl\/de\/aufenthaltsraum-mieten\/"]}]},{"@type":"ImageObject","inLanguage":"de","@id":"https:\/\/www.campinginnerduyn.nl\/de\/aufenthaltsraum-mieten\/#primaryimage","url":"https:\/\/www.campinginnerduyn.nl\/wp-content\/uploads\/2026\/09\/Vergaderlocatie.jpg","contentUrl":"https:\/\/www.campinginnerduyn.nl\/wp-content\/uploads\/2026\/09\/Vergaderlocatie.jpg"},{"@type":"BreadcrumbList","@id":"https:\/\/www.campinginnerduyn.nl\/de\/aufenthaltsraum-mieten\/#breadcrumb","itemListElement":[{"@type":"ListItem","position":1,"name":"Home","item":"https:\/\/www.campinginnerduyn.nl\/de\/"},{"@type":"ListItem","position":2,"name":"Aufenthaltsraum mieten"}]},{"@type":"WebSite","@id":"https:\/\/www.campinginnerduyn.nl\/de\/#website","url":"https:\/\/www.campinginnerduyn.nl\/de\/","name":"Camping Innerduyn","description":"Kleinschalige camping in Zeeland - Adults Only","publisher":{"@id":"https:\/\/www.campinginnerduyn.nl\/de\/#organization"},"potentialAction":[{"@type":"SearchAction","target":{"@type":"EntryPoint","urlTemplate":"https:\/\/www.campinginnerduyn.nl\/de\/?s={search_term_string}"},"query-input":{"@type":"PropertyValueSpecification","valueRequired":true,"valueName":"search_term_string"}}],"inLanguage":"de"},{"@type":"Organization","@id":"https:\/\/www.campinginnerduyn.nl\/de\/#organization","name":"Camping Innerduyn","url":"https:\/\/www.campinginnerduyn.nl\/de\/","logo":{"@type":"ImageObject","inLanguage":"de","@id":"https:\/\/www.campinginnerduyn.nl\/de\/#\/schema\/logo\/image\/","url":"https:\/\/www.campinginnerduyn.nl\/wp-content\/uploads\/2020\/03\/logo_camping-innerduyn-FC.png","contentUrl":"https:\/\/www.campinginnerduyn.nl\/wp-content\/uploads\/2020\/03\/logo_camping-innerduyn-FC.png","width":400,"height":467,"caption":"Camping Innerduyn"},"image":{"@id":"https:\/\/www.campinginnerduyn.nl\/de\/#\/schema\/logo\/image\/"},"sameAs":["https:\/\/www.facebook.com\/profile.php?id=100063508750371"]}]}},"_links":{"self":[{"href":"https:\/\/www.campinginnerduyn.nl\/de\/wp-json\/wp\/v2\/pages\/4698","targetHints":{"allow":["GET"]}}],"collection":[{"href":"https:\/\/www.campinginnerduyn.nl\/de\/wp-json\/wp\/v2\/pages"}],"about":[{"href":"https:\/\/www.campinginnerduyn.nl\/de\/wp-json\/wp\/v2\/types\/page"}],"author":[{"embeddable":true,"href":"https:\/\/www.campinginnerduyn.nl\/de\/wp-json\/wp\/v2\/users\/1"}],"replies":[{"embeddable":true,"href":"https:\/\/www.campinginnerduyn.nl\/de\/wp-json\/wp\/v2\/comments?post=4698"}],"version-history":[{"count":15,"href":"https:\/\/www.campinginnerduyn.nl\/de\/wp-json\/wp\/v2\/pages\/4698\/revisions"}],"predecessor-version":[{"id":4798,"href":"https:\/\/www.campinginnerduyn.nl\/de\/wp-json\/wp\/v2\/pages\/4698\/revisions\/4798"}],"wp:attachment":[{"href":"https:\/\/www.campinginnerduyn.nl\/de\/wp-json\/wp\/v2\/media?parent=4698"}],"curies":[{"name":"wp","href":"https:\/\/api.w.org\/{rel}","templated":true}]}}